{"id":2233,"date":"2024-02-13T17:10:29","date_gmt":"2024-02-13T17:10:29","guid":{"rendered":"https:\/\/sygeplejevidenskab.dk\/?page_id=2233"},"modified":"2025-07-29T12:24:25","modified_gmt":"2025-07-29T10:24:25","slug":"kurser-webinarer-konferencer","status":"publish","type":"page","link":"https:\/\/sygeplejevidenskab.dk\/index.php\/kurser-webinarer-konferencer\/","title":{"rendered":"Kurser\/Webinarer\/Konferencer"},"content":{"rendered":"\t\t<div data-elementor-type=\"wp-page\" data-elementor-id=\"2233\" class=\"elementor elementor-2233\" data-elementor-post-type=\"page\">\n\t\t\t\t<div class=\"elementor-element elementor-element-d3bf8f1 e-flex e-con-boxed e-con e-parent\" data-id=\"d3bf8f1\" data-element_type=\"container\" data-e-type=\"container\" data-settings=\"{&quot;jet_parallax_layout_list&quot;:[]}\">\n\t\t\t\t\t<div class=\"e-con-inner\">\n\t\t\t\t<div class=\"elementor-element elementor-element-7ee8b6f elementor-widget elementor-widget-text-editor\" data-id=\"7ee8b6f\" data-element_type=\"widget\" data-e-type=\"widget\" data-widget_type=\"text-editor.default\">\n\t\t\t\t<div class=\"elementor-widget-container\">\n\t\t\t\t\t\t\t\t\t<p>Sygeplejevidenskab.dk opsl\u00e5r relevante kurser, webinarer og konferencer op. Send en mail til maj@sygeplejevidenskab.dk og h\u00f8r om muligheden for at f\u00e5 et opslag p\u00e5 siden.<\/p>\t\t\t\t\t\t\t\t<\/div>\n\t\t\t\t<\/div>\n\t\t\t\t<div class=\"elementor-element elementor-element-c8294a8 elementor-grid-4 elementor-grid-tablet-3 elementor-grid-mobile-2 elementor-posts--thumbnail-top elementor-widget elementor-widget-posts\" data-id=\"c8294a8\" data-element_type=\"widget\" data-e-type=\"widget\" data-settings=\"{&quot;pagination_type&quot;:&quot;load_more_infinite_scroll&quot;,&quot;classic_row_gap&quot;:{&quot;unit&quot;:&quot;px&quot;,&quot;size&quot;:40,&quot;sizes&quot;:[]},&quot;classic_columns&quot;:&quot;4&quot;,&quot;classic_columns_tablet&quot;:&quot;3&quot;,&quot;classic_columns_mobile&quot;:&quot;2&quot;,&quot;classic_row_gap_tablet&quot;:{&quot;unit&quot;:&quot;px&quot;,&quot;size&quot;:&quot;&quot;,&quot;sizes&quot;:[]},&quot;classic_row_gap_mobile&quot;:{&quot;unit&quot;:&quot;px&quot;,&quot;size&quot;:&quot;&quot;,&quot;sizes&quot;:[]},&quot;load_more_spinner&quot;:{&quot;value&quot;:&quot;fas fa-spinner&quot;,&quot;library&quot;:&quot;fa-solid&quot;}}\" data-widget_type=\"posts.classic\">\n\t\t\t\t<div class=\"elementor-widget-container\">\n\t\t\t\t\t\t\t<div class=\"elementor-posts-container elementor-posts elementor-posts--skin-classic elementor-grid\" role=\"list\">\n\t\t\t\t<article class=\"elementor-post elementor-grid-item post-26257 post type-post status-publish format-standard has-post-thumbnail hentry category-kurser-webinarer-konferencer\" role=\"listitem\">\n\t\t\t\t<a class=\"elementor-post__thumbnail__link\" href=\"https:\/\/sygeplejevidenskab.dk\/index.php\/2026\/08\/29\/ida-conference-2026-motivation-og-psykologiske-behov-i-ledelse-iflg-selvbestemmelsesteorien\/\" tabindex=\"-1\" >\n\t\t\t<div class=\"elementor-post__thumbnail\"><img fetchpriority=\"high\" decoding=\"async\" width=\"800\" height=\"800\" src=\"https:\/\/i0.wp.com\/sygeplejevidenskab.dk\/wp-content\/uploads\/2026\/08\/KonferencerTemadageKurserwebinar-10.png?fit=800%2C800&amp;quality=80&amp;ssl=1\" class=\"attachment-full size-full wp-image-26258\" alt=\"IDA Conference, ledelse, medarbejdermotivation, f\u00e6llesskab, kompetencer, incitamentstrukturer, selvbestemmelsesteorien\" srcset=\"https:\/\/i0.wp.com\/sygeplejevidenskab.dk\/wp-content\/uploads\/2026\/08\/KonferencerTemadageKurserwebinar-10.png?w=800&amp;quality=80&amp;ssl=1 800w, https:\/\/i0.wp.com\/sygeplejevidenskab.dk\/wp-content\/uploads\/2026\/08\/KonferencerTemadageKurserwebinar-10.png?resize=300%2C300&amp;quality=80&amp;ssl=1 300w, https:\/\/i0.wp.com\/sygeplejevidenskab.dk\/wp-content\/uploads\/2026\/08\/KonferencerTemadageKurserwebinar-10.png?resize=150%2C150&amp;quality=80&amp;ssl=1 150w, https:\/\/i0.wp.com\/sygeplejevidenskab.dk\/wp-content\/uploads\/2026\/08\/KonferencerTemadageKurserwebinar-10.png?resize=768%2C768&amp;quality=80&amp;ssl=1 768w, https:\/\/i0.wp.com\/sygeplejevidenskab.dk\/wp-content\/uploads\/2026\/08\/KonferencerTemadageKurserwebinar-10.png?resize=600%2C600&amp;quality=80&amp;ssl=1 600w, https:\/\/i0.wp.com\/sygeplejevidenskab.dk\/wp-content\/uploads\/2026\/08\/KonferencerTemadageKurserwebinar-10.png?resize=100%2C100&amp;quality=80&amp;ssl=1 100w\" sizes=\"(max-width: 800px) 100vw, 800px\" \/><\/div>\n\t\t<\/a>\n\t\t\t\t<div class=\"elementor-post__text\">\n\t\t\t\t<h3 class=\"elementor-post__title\">\n\t\t\t<a href=\"https:\/\/sygeplejevidenskab.dk\/index.php\/2026\/08\/29\/ida-conference-2026-motivation-og-psykologiske-behov-i-ledelse-iflg-selvbestemmelsesteorien\/\" >\n\t\t\t\tIDA Conference 2026: Motivation og psykologiske behov i ledelse &#8211; iflg. selvbestemmelsesteorien\t\t\t<\/a>\n\t\t<\/h3>\n\t\t\t\t<div class=\"elementor-post__meta-data\">\n\t\t\t\t\t<span class=\"elementor-post-date\">\n\t\t\t29. august 2026\t\t<\/span>\n\t\t\t\t<\/div>\n\t\t\n\t\t<a class=\"elementor-post__read-more\" href=\"https:\/\/sygeplejevidenskab.dk\/index.php\/2026\/08\/29\/ida-conference-2026-motivation-og-psykologiske-behov-i-ledelse-iflg-selvbestemmelsesteorien\/\" aria-label=\"Read more about IDA Conference 2026: Motivation og psykologiske behov i ledelse &#8211; iflg. selvbestemmelsesteorien\" tabindex=\"-1\" >\n\t\t\tL\u00e6s mere \u00bb\t\t<\/a>\n\n\t\t\t\t<\/div>\n\t\t\t\t<\/article>\n\t\t\t\t<article class=\"elementor-post elementor-grid-item post-26252 post type-post status-publish format-standard has-post-thumbnail hentry category-kurser-webinarer-konferencer\" role=\"listitem\">\n\t\t\t\t<a class=\"elementor-post__thumbnail__link\" href=\"https:\/\/sygeplejevidenskab.dk\/index.php\/2026\/08\/29\/skab-forbedringer-og-patientsikkerhed-i-sundhedsvaesenet-med-psmproves-uddannelser-og-kurser\/\" tabindex=\"-1\" >\n\t\t\t<div class=\"elementor-post__thumbnail\"><img decoding=\"async\" width=\"800\" height=\"800\" src=\"https:\/\/i0.wp.com\/sygeplejevidenskab.dk\/wp-content\/uploads\/2026\/08\/KonferencerTemadageKurserwebinar-9.png?fit=800%2C800&amp;quality=80&amp;ssl=1\" class=\"attachment-full size-full wp-image-26253\" alt=\"PS!mproves uddannelser og kurser, faglighed, patientsikkerhed, sundhedsv\u00e6senet\" srcset=\"https:\/\/i0.wp.com\/sygeplejevidenskab.dk\/wp-content\/uploads\/2026\/08\/KonferencerTemadageKurserwebinar-9.png?w=800&amp;quality=80&amp;ssl=1 800w, https:\/\/i0.wp.com\/sygeplejevidenskab.dk\/wp-content\/uploads\/2026\/08\/KonferencerTemadageKurserwebinar-9.png?resize=300%2C300&amp;quality=80&amp;ssl=1 300w, https:\/\/i0.wp.com\/sygeplejevidenskab.dk\/wp-content\/uploads\/2026\/08\/KonferencerTemadageKurserwebinar-9.png?resize=150%2C150&amp;quality=80&amp;ssl=1 150w, https:\/\/i0.wp.com\/sygeplejevidenskab.dk\/wp-content\/uploads\/2026\/08\/KonferencerTemadageKurserwebinar-9.png?resize=768%2C768&amp;quality=80&amp;ssl=1 768w, https:\/\/i0.wp.com\/sygeplejevidenskab.dk\/wp-content\/uploads\/2026\/08\/KonferencerTemadageKurserwebinar-9.png?resize=600%2C600&amp;quality=80&amp;ssl=1 600w, https:\/\/i0.wp.com\/sygeplejevidenskab.dk\/wp-content\/uploads\/2026\/08\/KonferencerTemadageKurserwebinar-9.png?resize=100%2C100&amp;quality=80&amp;ssl=1 100w\" sizes=\"(max-width: 800px) 100vw, 800px\" \/><\/div>\n\t\t<\/a>\n\t\t\t\t<div class=\"elementor-post__text\">\n\t\t\t\t<h3 class=\"elementor-post__title\">\n\t\t\t<a href=\"https:\/\/sygeplejevidenskab.dk\/index.php\/2026\/08\/29\/skab-forbedringer-og-patientsikkerhed-i-sundhedsvaesenet-med-psmproves-uddannelser-og-kurser\/\" >\n\t\t\t\tPS!mproves tilbyder uddannelser og kurser i at skabe forbedringer og patientsikkerhed i sundhedsv\u00e6senet\t\t\t<\/a>\n\t\t<\/h3>\n\t\t\t\t<div class=\"elementor-post__meta-data\">\n\t\t\t\t\t<span class=\"elementor-post-date\">\n\t\t\t29. august 2026\t\t<\/span>\n\t\t\t\t<\/div>\n\t\t\n\t\t<a class=\"elementor-post__read-more\" href=\"https:\/\/sygeplejevidenskab.dk\/index.php\/2026\/08\/29\/skab-forbedringer-og-patientsikkerhed-i-sundhedsvaesenet-med-psmproves-uddannelser-og-kurser\/\" aria-label=\"Read more about PS!mproves tilbyder uddannelser og kurser i at skabe forbedringer og patientsikkerhed i sundhedsv\u00e6senet\" tabindex=\"-1\" >\n\t\t\tL\u00e6s mere \u00bb\t\t<\/a>\n\n\t\t\t\t<\/div>\n\t\t\t\t<\/article>\n\t\t\t\t<article class=\"elementor-post elementor-grid-item post-26242 post type-post status-publish format-standard has-post-thumbnail hentry category-kurser-webinarer-konferencer\" role=\"listitem\">\n\t\t\t\t<a class=\"elementor-post__thumbnail__link\" href=\"https:\/\/sygeplejevidenskab.dk\/index.php\/2026\/08\/28\/ps-case-competition-2026-hvordan-goer-vi-hjemmebehandling-mere-sikker\/\" tabindex=\"-1\" >\n\t\t\t<div class=\"elementor-post__thumbnail\"><img decoding=\"async\" width=\"800\" height=\"800\" src=\"https:\/\/i0.wp.com\/sygeplejevidenskab.dk\/wp-content\/uploads\/2026\/08\/KonferencerTemadageKurserwebinar-8.png?fit=800%2C800&amp;quality=80&amp;ssl=1\" class=\"attachment-full size-full wp-image-26243\" alt=\"Hjemmebehandling, patientsikkerhed, tv\u00e6rfagligt samarbejde, medicinh\u00e5ndtering, patientst\u00f8tte, monitorering, p\u00e5r\u00f8rendest\u00f8tte, digitale l\u00f8sninger\" srcset=\"https:\/\/i0.wp.com\/sygeplejevidenskab.dk\/wp-content\/uploads\/2026\/08\/KonferencerTemadageKurserwebinar-8.png?w=800&amp;quality=80&amp;ssl=1 800w, https:\/\/i0.wp.com\/sygeplejevidenskab.dk\/wp-content\/uploads\/2026\/08\/KonferencerTemadageKurserwebinar-8.png?resize=300%2C300&amp;quality=80&amp;ssl=1 300w, https:\/\/i0.wp.com\/sygeplejevidenskab.dk\/wp-content\/uploads\/2026\/08\/KonferencerTemadageKurserwebinar-8.png?resize=150%2C150&amp;quality=80&amp;ssl=1 150w, https:\/\/i0.wp.com\/sygeplejevidenskab.dk\/wp-content\/uploads\/2026\/08\/KonferencerTemadageKurserwebinar-8.png?resize=768%2C768&amp;quality=80&amp;ssl=1 768w, https:\/\/i0.wp.com\/sygeplejevidenskab.dk\/wp-content\/uploads\/2026\/08\/KonferencerTemadageKurserwebinar-8.png?resize=600%2C600&amp;quality=80&amp;ssl=1 600w, https:\/\/i0.wp.com\/sygeplejevidenskab.dk\/wp-content\/uploads\/2026\/08\/KonferencerTemadageKurserwebinar-8.png?resize=100%2C100&amp;quality=80&amp;ssl=1 100w\" sizes=\"(max-width: 800px) 100vw, 800px\" \/><\/div>\n\t\t<\/a>\n\t\t\t\t<div class=\"elementor-post__text\">\n\t\t\t\t<h3 class=\"elementor-post__title\">\n\t\t\t<a href=\"https:\/\/sygeplejevidenskab.dk\/index.php\/2026\/08\/28\/ps-case-competition-2026-hvordan-goer-vi-hjemmebehandling-mere-sikker\/\" >\n\t\t\t\tPS! Case Competition 2026 \u2013 Hvordan g\u00f8r vi hjemmebehandling mere sikker?\t\t\t<\/a>\n\t\t<\/h3>\n\t\t\t\t<div class=\"elementor-post__meta-data\">\n\t\t\t\t\t<span class=\"elementor-post-date\">\n\t\t\t28. august 2026\t\t<\/span>\n\t\t\t\t<\/div>\n\t\t\n\t\t<a class=\"elementor-post__read-more\" href=\"https:\/\/sygeplejevidenskab.dk\/index.php\/2026\/08\/28\/ps-case-competition-2026-hvordan-goer-vi-hjemmebehandling-mere-sikker\/\" aria-label=\"Read more about PS! Case Competition 2026 \u2013 Hvordan g\u00f8r vi hjemmebehandling mere sikker?\" tabindex=\"-1\" >\n\t\t\tL\u00e6s mere \u00bb\t\t<\/a>\n\n\t\t\t\t<\/div>\n\t\t\t\t<\/article>\n\t\t\t\t<article class=\"elementor-post elementor-grid-item post-26237 post type-post status-publish format-standard has-post-thumbnail hentry category-kurser-webinarer-konferencer\" role=\"listitem\">\n\t\t\t\t<a class=\"elementor-post__thumbnail__link\" href=\"https:\/\/sygeplejevidenskab.dk\/index.php\/2026\/08\/28\/saadan-bruger-du-basic-q-og-basic\/\" tabindex=\"-1\" >\n\t\t\t<div class=\"elementor-post__thumbnail\"><img loading=\"lazy\" decoding=\"async\" width=\"800\" height=\"800\" src=\"https:\/\/i0.wp.com\/sygeplejevidenskab.dk\/wp-content\/uploads\/2026\/08\/KonferencerTemadageKurserwebinar-7.png?fit=800%2C800&amp;quality=80&amp;ssl=1\" class=\"attachment-full size-full wp-image-26238\" alt=\"Demens, BASIC-Q, BASIC, demens, demens-opsporing, kognitiv sv\u00e6kkelse\" srcset=\"https:\/\/i0.wp.com\/sygeplejevidenskab.dk\/wp-content\/uploads\/2026\/08\/KonferencerTemadageKurserwebinar-7.png?w=800&amp;quality=80&amp;ssl=1 800w, https:\/\/i0.wp.com\/sygeplejevidenskab.dk\/wp-content\/uploads\/2026\/08\/KonferencerTemadageKurserwebinar-7.png?resize=300%2C300&amp;quality=80&amp;ssl=1 300w, https:\/\/i0.wp.com\/sygeplejevidenskab.dk\/wp-content\/uploads\/2026\/08\/KonferencerTemadageKurserwebinar-7.png?resize=150%2C150&amp;quality=80&amp;ssl=1 150w, https:\/\/i0.wp.com\/sygeplejevidenskab.dk\/wp-content\/uploads\/2026\/08\/KonferencerTemadageKurserwebinar-7.png?resize=768%2C768&amp;quality=80&amp;ssl=1 768w, https:\/\/i0.wp.com\/sygeplejevidenskab.dk\/wp-content\/uploads\/2026\/08\/KonferencerTemadageKurserwebinar-7.png?resize=600%2C600&amp;quality=80&amp;ssl=1 600w, https:\/\/i0.wp.com\/sygeplejevidenskab.dk\/wp-content\/uploads\/2026\/08\/KonferencerTemadageKurserwebinar-7.png?resize=100%2C100&amp;quality=80&amp;ssl=1 100w\" sizes=\"(max-width: 800px) 100vw, 800px\" \/><\/div>\n\t\t<\/a>\n\t\t\t\t<div class=\"elementor-post__text\">\n\t\t\t\t<h3 class=\"elementor-post__title\">\n\t\t\t<a href=\"https:\/\/sygeplejevidenskab.dk\/index.php\/2026\/08\/28\/saadan-bruger-du-basic-q-og-basic\/\" >\n\t\t\t\tS\u00e5dan bruger du BASIC-Q og BASIC\t\t\t<\/a>\n\t\t<\/h3>\n\t\t\t\t<div class=\"elementor-post__meta-data\">\n\t\t\t\t\t<span class=\"elementor-post-date\">\n\t\t\t28. august 2026\t\t<\/span>\n\t\t\t\t<\/div>\n\t\t\n\t\t<a class=\"elementor-post__read-more\" href=\"https:\/\/sygeplejevidenskab.dk\/index.php\/2026\/08\/28\/saadan-bruger-du-basic-q-og-basic\/\" aria-label=\"Read more about S\u00e5dan bruger du BASIC-Q og BASIC\" tabindex=\"-1\" >\n\t\t\tL\u00e6s mere \u00bb\t\t<\/a>\n\n\t\t\t\t<\/div>\n\t\t\t\t<\/article>\n\t\t\t\t<article class=\"elementor-post elementor-grid-item post-26180 post type-post status-publish format-standard has-post-thumbnail hentry category-kurser-webinarer-konferencer\" role=\"listitem\">\n\t\t\t\t<a class=\"elementor-post__thumbnail__link\" href=\"https:\/\/sygeplejevidenskab.dk\/index.php\/2026\/08\/24\/vidensdag-om-aeldrepleje-fremfaerd-sundhed-og-aeldre\/\" tabindex=\"-1\" >\n\t\t\t<div class=\"elementor-post__thumbnail\"><img loading=\"lazy\" decoding=\"async\" width=\"800\" height=\"800\" src=\"https:\/\/i0.wp.com\/sygeplejevidenskab.dk\/wp-content\/uploads\/2026\/08\/KonferencerTemadageKurserwebinar-6.png?fit=800%2C800&amp;quality=80&amp;ssl=1\" class=\"attachment-full size-full wp-image-26181\" alt=\"Vidensdag om \u00e6ldrepleje 2026, forebyggelse, velf\u00e6rdteknologi, ledelse, m\u00e5ltidsf\u00e6llesskab\" srcset=\"https:\/\/i0.wp.com\/sygeplejevidenskab.dk\/wp-content\/uploads\/2026\/08\/KonferencerTemadageKurserwebinar-6.png?w=800&amp;quality=80&amp;ssl=1 800w, https:\/\/i0.wp.com\/sygeplejevidenskab.dk\/wp-content\/uploads\/2026\/08\/KonferencerTemadageKurserwebinar-6.png?resize=300%2C300&amp;quality=80&amp;ssl=1 300w, https:\/\/i0.wp.com\/sygeplejevidenskab.dk\/wp-content\/uploads\/2026\/08\/KonferencerTemadageKurserwebinar-6.png?resize=150%2C150&amp;quality=80&amp;ssl=1 150w, https:\/\/i0.wp.com\/sygeplejevidenskab.dk\/wp-content\/uploads\/2026\/08\/KonferencerTemadageKurserwebinar-6.png?resize=768%2C768&amp;quality=80&amp;ssl=1 768w, https:\/\/i0.wp.com\/sygeplejevidenskab.dk\/wp-content\/uploads\/2026\/08\/KonferencerTemadageKurserwebinar-6.png?resize=600%2C600&amp;quality=80&amp;ssl=1 600w, https:\/\/i0.wp.com\/sygeplejevidenskab.dk\/wp-content\/uploads\/2026\/08\/KonferencerTemadageKurserwebinar-6.png?resize=100%2C100&amp;quality=80&amp;ssl=1 100w\" sizes=\"(max-width: 800px) 100vw, 800px\" \/><\/div>\n\t\t<\/a>\n\t\t\t\t<div class=\"elementor-post__text\">\n\t\t\t\t<h3 class=\"elementor-post__title\">\n\t\t\t<a href=\"https:\/\/sygeplejevidenskab.dk\/index.php\/2026\/08\/24\/vidensdag-om-aeldrepleje-fremfaerd-sundhed-og-aeldre\/\" >\n\t\t\t\tVidensdag om \u00e6ldrepleje &#8211; Fremf\u00e6rd Sundhed og \u00c6ldre\t\t\t<\/a>\n\t\t<\/h3>\n\t\t\t\t<div class=\"elementor-post__meta-data\">\n\t\t\t\t\t<span class=\"elementor-post-date\">\n\t\t\t24. august 2026\t\t<\/span>\n\t\t\t\t<\/div>\n\t\t\n\t\t<a class=\"elementor-post__read-more\" href=\"https:\/\/sygeplejevidenskab.dk\/index.php\/2026\/08\/24\/vidensdag-om-aeldrepleje-fremfaerd-sundhed-og-aeldre\/\" aria-label=\"Read more about Vidensdag om \u00e6ldrepleje &#8211; Fremf\u00e6rd Sundhed og \u00c6ldre\" tabindex=\"-1\" >\n\t\t\tL\u00e6s mere \u00bb\t\t<\/a>\n\n\t\t\t\t<\/div>\n\t\t\t\t<\/article>\n\t\t\t\t<article class=\"elementor-post elementor-grid-item post-26108 post type-post status-publish format-standard has-post-thumbnail hentry category-kurser-webinarer-konferencer\" role=\"listitem\">\n\t\t\t\t<a class=\"elementor-post__thumbnail__link\" href=\"https:\/\/sygeplejevidenskab.dk\/index.php\/2026\/08\/17\/en-patient-er-mere-end-et-roentgenbillede\/\" tabindex=\"-1\" >\n\t\t\t<div class=\"elementor-post__thumbnail\"><img loading=\"lazy\" decoding=\"async\" width=\"800\" height=\"800\" src=\"https:\/\/i0.wp.com\/sygeplejevidenskab.dk\/wp-content\/uploads\/2026\/08\/KonferencerTemadageKurserwebinar-5.png?fit=800%2C800&amp;quality=80&amp;ssl=1\" class=\"attachment-full size-full wp-image-26109\" alt=\"Anne Meiniche foredrag, sundhedsv\u00e6sen, patientinddragelse, omsorg, sundhed, p\u00e5r\u00f8rende\" srcset=\"https:\/\/i0.wp.com\/sygeplejevidenskab.dk\/wp-content\/uploads\/2026\/08\/KonferencerTemadageKurserwebinar-5.png?w=800&amp;quality=80&amp;ssl=1 800w, https:\/\/i0.wp.com\/sygeplejevidenskab.dk\/wp-content\/uploads\/2026\/08\/KonferencerTemadageKurserwebinar-5.png?resize=300%2C300&amp;quality=80&amp;ssl=1 300w, https:\/\/i0.wp.com\/sygeplejevidenskab.dk\/wp-content\/uploads\/2026\/08\/KonferencerTemadageKurserwebinar-5.png?resize=150%2C150&amp;quality=80&amp;ssl=1 150w, https:\/\/i0.wp.com\/sygeplejevidenskab.dk\/wp-content\/uploads\/2026\/08\/KonferencerTemadageKurserwebinar-5.png?resize=768%2C768&amp;quality=80&amp;ssl=1 768w, https:\/\/i0.wp.com\/sygeplejevidenskab.dk\/wp-content\/uploads\/2026\/08\/KonferencerTemadageKurserwebinar-5.png?resize=600%2C600&amp;quality=80&amp;ssl=1 600w, https:\/\/i0.wp.com\/sygeplejevidenskab.dk\/wp-content\/uploads\/2026\/08\/KonferencerTemadageKurserwebinar-5.png?resize=100%2C100&amp;quality=80&amp;ssl=1 100w\" sizes=\"(max-width: 800px) 100vw, 800px\" \/><\/div>\n\t\t<\/a>\n\t\t\t\t<div class=\"elementor-post__text\">\n\t\t\t\t<h3 class=\"elementor-post__title\">\n\t\t\t<a href=\"https:\/\/sygeplejevidenskab.dk\/index.php\/2026\/08\/17\/en-patient-er-mere-end-et-roentgenbillede\/\" >\n\t\t\t\tEn patient er mere end et r\u00f8ntgenbillede\t\t\t<\/a>\n\t\t<\/h3>\n\t\t\t\t<div class=\"elementor-post__meta-data\">\n\t\t\t\t\t<span class=\"elementor-post-date\">\n\t\t\t17. august 2026\t\t<\/span>\n\t\t\t\t<\/div>\n\t\t\n\t\t<a class=\"elementor-post__read-more\" href=\"https:\/\/sygeplejevidenskab.dk\/index.php\/2026\/08\/17\/en-patient-er-mere-end-et-roentgenbillede\/\" aria-label=\"Read more about En patient er mere end et r\u00f8ntgenbillede\" tabindex=\"-1\" >\n\t\t\tL\u00e6s mere \u00bb\t\t<\/a>\n\n\t\t\t\t<\/div>\n\t\t\t\t<\/article>\n\t\t\t\t<article class=\"elementor-post elementor-grid-item post-26103 post type-post status-publish format-standard has-post-thumbnail hentry category-kurser-webinarer-konferencer\" role=\"listitem\">\n\t\t\t\t<a class=\"elementor-post__thumbnail__link\" href=\"https:\/\/sygeplejevidenskab.dk\/index.php\/2026\/08\/17\/neurodagen-2026-hjernen-i-socialt-perspektiv\/\" tabindex=\"-1\" >\n\t\t\t<div class=\"elementor-post__thumbnail\"><img loading=\"lazy\" decoding=\"async\" width=\"800\" height=\"800\" src=\"https:\/\/i0.wp.com\/sygeplejevidenskab.dk\/wp-content\/uploads\/2026\/08\/KonferencerTemadageKurserwebinar-4.png?fit=800%2C800&amp;quality=80&amp;ssl=1\" class=\"attachment-full size-full wp-image-26104\" alt=\"neurodagen 2026, psykologi, psykiatri, hjernen, neurologi, psyko-sociale indsatser, recovery, rehabilitering\" srcset=\"https:\/\/i0.wp.com\/sygeplejevidenskab.dk\/wp-content\/uploads\/2026\/08\/KonferencerTemadageKurserwebinar-4.png?w=800&amp;quality=80&amp;ssl=1 800w, https:\/\/i0.wp.com\/sygeplejevidenskab.dk\/wp-content\/uploads\/2026\/08\/KonferencerTemadageKurserwebinar-4.png?resize=300%2C300&amp;quality=80&amp;ssl=1 300w, https:\/\/i0.wp.com\/sygeplejevidenskab.dk\/wp-content\/uploads\/2026\/08\/KonferencerTemadageKurserwebinar-4.png?resize=150%2C150&amp;quality=80&amp;ssl=1 150w, https:\/\/i0.wp.com\/sygeplejevidenskab.dk\/wp-content\/uploads\/2026\/08\/KonferencerTemadageKurserwebinar-4.png?resize=768%2C768&amp;quality=80&amp;ssl=1 768w, https:\/\/i0.wp.com\/sygeplejevidenskab.dk\/wp-content\/uploads\/2026\/08\/KonferencerTemadageKurserwebinar-4.png?resize=600%2C600&amp;quality=80&amp;ssl=1 600w, https:\/\/i0.wp.com\/sygeplejevidenskab.dk\/wp-content\/uploads\/2026\/08\/KonferencerTemadageKurserwebinar-4.png?resize=100%2C100&amp;quality=80&amp;ssl=1 100w\" sizes=\"(max-width: 800px) 100vw, 800px\" \/><\/div>\n\t\t<\/a>\n\t\t\t\t<div class=\"elementor-post__text\">\n\t\t\t\t<h3 class=\"elementor-post__title\">\n\t\t\t<a href=\"https:\/\/sygeplejevidenskab.dk\/index.php\/2026\/08\/17\/neurodagen-2026-hjernen-i-socialt-perspektiv\/\" >\n\t\t\t\tNeurodagen 2026 &#8211; hjernen i socialt perspektiv\t\t\t<\/a>\n\t\t<\/h3>\n\t\t\t\t<div class=\"elementor-post__meta-data\">\n\t\t\t\t\t<span class=\"elementor-post-date\">\n\t\t\t17. august 2026\t\t<\/span>\n\t\t\t\t<\/div>\n\t\t\n\t\t<a class=\"elementor-post__read-more\" href=\"https:\/\/sygeplejevidenskab.dk\/index.php\/2026\/08\/17\/neurodagen-2026-hjernen-i-socialt-perspektiv\/\" aria-label=\"Read more about Neurodagen 2026 &#8211; hjernen i socialt perspektiv\" tabindex=\"-1\" >\n\t\t\tL\u00e6s mere \u00bb\t\t<\/a>\n\n\t\t\t\t<\/div>\n\t\t\t\t<\/article>\n\t\t\t\t<article class=\"elementor-post elementor-grid-item post-25968 post type-post status-publish format-standard has-post-thumbnail hentry category-kurser-webinarer-konferencer\" role=\"listitem\">\n\t\t\t\t<a class=\"elementor-post__thumbnail__link\" href=\"https:\/\/sygeplejevidenskab.dk\/index.php\/2026\/08\/11\/sundhedskonferencen-2026\/\" tabindex=\"-1\" >\n\t\t\t<div class=\"elementor-post__thumbnail\"><img loading=\"lazy\" decoding=\"async\" width=\"800\" height=\"800\" src=\"https:\/\/i0.wp.com\/sygeplejevidenskab.dk\/wp-content\/uploads\/2026\/08\/KonferencerTemadageKurserwebinar-3.png?fit=800%2C800&amp;quality=80&amp;ssl=1\" class=\"attachment-full size-full wp-image-25969\" alt=\"Sundhedskonferencen 2026, sundhedspolitisk dagsorden, struktur\u00e6ndringer\" srcset=\"https:\/\/i0.wp.com\/sygeplejevidenskab.dk\/wp-content\/uploads\/2026\/08\/KonferencerTemadageKurserwebinar-3.png?w=800&amp;quality=80&amp;ssl=1 800w, https:\/\/i0.wp.com\/sygeplejevidenskab.dk\/wp-content\/uploads\/2026\/08\/KonferencerTemadageKurserwebinar-3.png?resize=300%2C300&amp;quality=80&amp;ssl=1 300w, https:\/\/i0.wp.com\/sygeplejevidenskab.dk\/wp-content\/uploads\/2026\/08\/KonferencerTemadageKurserwebinar-3.png?resize=150%2C150&amp;quality=80&amp;ssl=1 150w, https:\/\/i0.wp.com\/sygeplejevidenskab.dk\/wp-content\/uploads\/2026\/08\/KonferencerTemadageKurserwebinar-3.png?resize=768%2C768&amp;quality=80&amp;ssl=1 768w, https:\/\/i0.wp.com\/sygeplejevidenskab.dk\/wp-content\/uploads\/2026\/08\/KonferencerTemadageKurserwebinar-3.png?resize=600%2C600&amp;quality=80&amp;ssl=1 600w, https:\/\/i0.wp.com\/sygeplejevidenskab.dk\/wp-content\/uploads\/2026\/08\/KonferencerTemadageKurserwebinar-3.png?resize=100%2C100&amp;quality=80&amp;ssl=1 100w\" sizes=\"(max-width: 800px) 100vw, 800px\" \/><\/div>\n\t\t<\/a>\n\t\t\t\t<div class=\"elementor-post__text\">\n\t\t\t\t<h3 class=\"elementor-post__title\">\n\t\t\t<a href=\"https:\/\/sygeplejevidenskab.dk\/index.php\/2026\/08\/11\/sundhedskonferencen-2026\/\" >\n\t\t\t\tSundhedskonferencen 2026\t\t\t<\/a>\n\t\t<\/h3>\n\t\t\t\t<div class=\"elementor-post__meta-data\">\n\t\t\t\t\t<span class=\"elementor-post-date\">\n\t\t\t11. august 2026\t\t<\/span>\n\t\t\t\t<\/div>\n\t\t\n\t\t<a class=\"elementor-post__read-more\" href=\"https:\/\/sygeplejevidenskab.dk\/index.php\/2026\/08\/11\/sundhedskonferencen-2026\/\" aria-label=\"Read more about Sundhedskonferencen 2026\" tabindex=\"-1\" >\n\t\t\tL\u00e6s mere \u00bb\t\t<\/a>\n\n\t\t\t\t<\/div>\n\t\t\t\t<\/article>\n\t\t\t\t<article class=\"elementor-post elementor-grid-item post-25859 post type-post status-publish format-standard has-post-thumbnail hentry category-kurser-webinarer-konferencer\" role=\"listitem\">\n\t\t\t\t<a class=\"elementor-post__thumbnail__link\" href=\"https:\/\/sygeplejevidenskab.dk\/index.php\/2026\/08\/06\/udtrapning-af-psykofarmaka-abstinenser-udtrapning-og-alternativer\/\" tabindex=\"-1\" >\n\t\t\t<div class=\"elementor-post__thumbnail\"><img loading=\"lazy\" decoding=\"async\" width=\"800\" height=\"800\" src=\"https:\/\/i0.wp.com\/sygeplejevidenskab.dk\/wp-content\/uploads\/2026\/08\/KonferencerTemadageKurserwebinar-2.png?fit=800%2C800&amp;quality=80&amp;ssl=1\" class=\"attachment-full size-full wp-image-25860\" alt=\"Psykofarmaka, medicinudtrapning, abstinenser, medicinalternativer, sikker medicinudtrapning\" srcset=\"https:\/\/i0.wp.com\/sygeplejevidenskab.dk\/wp-content\/uploads\/2026\/08\/KonferencerTemadageKurserwebinar-2.png?w=800&amp;quality=80&amp;ssl=1 800w, https:\/\/i0.wp.com\/sygeplejevidenskab.dk\/wp-content\/uploads\/2026\/08\/KonferencerTemadageKurserwebinar-2.png?resize=300%2C300&amp;quality=80&amp;ssl=1 300w, https:\/\/i0.wp.com\/sygeplejevidenskab.dk\/wp-content\/uploads\/2026\/08\/KonferencerTemadageKurserwebinar-2.png?resize=150%2C150&amp;quality=80&amp;ssl=1 150w, https:\/\/i0.wp.com\/sygeplejevidenskab.dk\/wp-content\/uploads\/2026\/08\/KonferencerTemadageKurserwebinar-2.png?resize=768%2C768&amp;quality=80&amp;ssl=1 768w, https:\/\/i0.wp.com\/sygeplejevidenskab.dk\/wp-content\/uploads\/2026\/08\/KonferencerTemadageKurserwebinar-2.png?resize=600%2C600&amp;quality=80&amp;ssl=1 600w, https:\/\/i0.wp.com\/sygeplejevidenskab.dk\/wp-content\/uploads\/2026\/08\/KonferencerTemadageKurserwebinar-2.png?resize=100%2C100&amp;quality=80&amp;ssl=1 100w\" sizes=\"(max-width: 800px) 100vw, 800px\" \/><\/div>\n\t\t<\/a>\n\t\t\t\t<div class=\"elementor-post__text\">\n\t\t\t\t<h3 class=\"elementor-post__title\">\n\t\t\t<a href=\"https:\/\/sygeplejevidenskab.dk\/index.php\/2026\/08\/06\/udtrapning-af-psykofarmaka-abstinenser-udtrapning-og-alternativer\/\" >\n\t\t\t\tUdtrapning af psykofarmaka &#8211; abstinenser, udtrapning og alternativer\t\t\t<\/a>\n\t\t<\/h3>\n\t\t\t\t<div class=\"elementor-post__meta-data\">\n\t\t\t\t\t<span class=\"elementor-post-date\">\n\t\t\t6. august 2026\t\t<\/span>\n\t\t\t\t<\/div>\n\t\t\n\t\t<a class=\"elementor-post__read-more\" href=\"https:\/\/sygeplejevidenskab.dk\/index.php\/2026\/08\/06\/udtrapning-af-psykofarmaka-abstinenser-udtrapning-og-alternativer\/\" aria-label=\"Read more about Udtrapning af psykofarmaka &#8211; abstinenser, udtrapning og alternativer\" tabindex=\"-1\" >\n\t\t\tL\u00e6s mere \u00bb\t\t<\/a>\n\n\t\t\t\t<\/div>\n\t\t\t\t<\/article>\n\t\t\t\t<\/div>\n\t\t\t\t\t<span class=\"e-load-more-spinner\">\n\t\t\t\t<i aria-hidden=\"true\" class=\"fas fa-spinner\"><\/i>\t\t\t<\/span>\n\t\t\n\t\t\t\t<div class=\"e-load-more-anchor\" data-page=\"1\" data-max-page=\"5\" data-next-page=\"https:\/\/sygeplejevidenskab.dk\/index.php\/wp-json\/wp\/v2\/pages\/2233\/page\/2\/\"><\/div>\n\t\t\t\t<div class=\"e-load-more-message\"><\/div>\n\t\t\t\t\t\t<\/div>\n\t\t\t\t<\/div>\n\t\t\t\t\t<\/div>\n\t\t\t\t<\/div>\n\t\t\t\t<\/div>\n\t\t","protected":false},"excerpt":{"rendered":"<p>Sygeplejevidenskab.dk opsl\u00e5r relevante kurser, webinarer og konferencer op. Send en mail til maj@sygeplejevidenskab.dk og h\u00f8r om muligheden for at f\u00e5 et opslag p\u00e5 siden.<\/p>\n","protected":false},"author":2,"featured_media":0,"parent":0,"menu_order":0,"comment_status":"closed","ping_status":"closed","template":"elementor_header_footer","meta":{"_acf_changed":false,"_ppp_document_settings_meta":"","site-sidebar-layout":"default","site-content-layout":"","ast-site-content-layout":"default","site-content-style":"default","site-sidebar-style":"default","ast-global-header-display":"","ast-banner-title-visibility":"","ast-main-header-display":"","ast-hfb-above-header-display":"","ast-hfb-below-header-display":"","ast-hfb-mobile-header-display":"","site-post-title":"","ast-breadcrumbs-content":"","ast-featured-img":"","footer-sml-layout":"","ast-disable-related-posts":"","theme-transparent-header-meta":"","adv-header-id-meta":"","stick-header-meta":"","header-above-stick-meta":"","header-main-stick-meta":"","header-below-stick-meta":"","astra-migrate-meta-layouts":"default","ast-page-background-enabled":"default","ast-page-background-meta":{"desktop":{"background-color":"var(--ast-global-color-4)","background-image":"","background-repeat":"repeat","background-position":"center center","background-size":"auto","background-attachment":"scroll","background-type":"","background-media":"","overlay-type":"","overlay-color":"","overlay-opacity":"","overlay-gradient":""},"tablet":{"background-color":"","background-image":"","background-repeat":"repeat","background-position":"center center","background-size":"auto","background-attachment":"scroll","background-type":"","background-media":"","overlay-type":"","overlay-color":"","overlay-opacity":"","overlay-gradient":""},"mobile":{"background-color":"","background-image":"","background-repeat":"repeat","background-position":"center center","background-size":"auto","background-attachment":"scroll","background-type":"","background-media":"","overlay-type":"","overlay-color":"","overlay-opacity":"","overlay-gradient":""}},"ast-content-background-meta":{"desktop":{"background-color":"var(--ast-global-color-5)","background-image":"","background-repeat":"repeat","background-position":"center center","background-size":"auto","background-attachment":"scroll","background-type":"","background-media":"","overlay-type":"","overlay-color":"","overlay-opacity":"","overlay-gradient":""},"tablet":{"background-color":"var(--ast-global-color-5)","background-image":"","background-repeat":"repeat","background-position":"center center","background-size":"auto","background-attachment":"scroll","background-type":"","background-media":"","overlay-type":"","overlay-color":"","overlay-opacity":"","overlay-gradient":""},"mobile":{"background-color":"var(--ast-global-color-5)","background-image":"","background-repeat":"repeat","background-position":"center center","background-size":"auto","background-attachment":"scroll","background-type":"","background-media":"","overlay-type":"","overlay-color":"","overlay-opacity":"","overlay-gradient":""}},"footnotes":"","_members_access_role":[],"_members_access_error":""},"class_list":["post-2233","page","type-page","status-publish","hentry"],"acf":[],"jetpack_sharing_enabled":true,"_links":{"self":[{"href":"https:\/\/sygeplejevidenskab.dk\/index.php\/wp-json\/wp\/v2\/pages\/2233","targetHints":{"allow":["GET"]}}],"collection":[{"href":"https:\/\/sygeplejevidenskab.dk\/index.php\/wp-json\/wp\/v2\/pages"}],"about":[{"href":"https:\/\/sygeplejevidenskab.dk\/index.php\/wp-json\/wp\/v2\/types\/page"}],"author":[{"embeddable":true,"href":"https:\/\/sygeplejevidenskab.dk\/index.php\/wp-json\/wp\/v2\/users\/2"}],"replies":[{"embeddable":true,"href":"https:\/\/sygeplejevidenskab.dk\/index.php\/wp-json\/wp\/v2\/comments?post=2233"}],"version-history":[{"count":3,"href":"https:\/\/sygeplejevidenskab.dk\/index.php\/wp-json\/wp\/v2\/pages\/2233\/revisions"}],"predecessor-version":[{"id":17946,"href":"https:\/\/sygeplejevidenskab.dk\/index.php\/wp-json\/wp\/v2\/pages\/2233\/revisions\/17946"}],"wp:attachment":[{"href":"https:\/\/sygeplejevidenskab.dk\/index.php\/wp-json\/wp\/v2\/media?parent=2233"}],"curies":[{"name":"wp","href":"https:\/\/api.w.org\/{rel}","templated":true}]}}